{"version":"1.0","provider_name":"Harun ADAL | Blog","provider_url":"https:\/\/www.harunadal.com\/wp","author_name":"Harun","author_url":"https:\/\/www.harunadal.com\/wp\/author\/harunadal\/","title":"\u0130stanbul'da bulu\u015fan uydu sekt\u00f6r\u00fcn\u00fcn devleri, bug\u00fcn Hali\u00e7 Kongre Merkezi\u2019nde bir araya geldi. Etkinlikte konu\u015fan Bakan \u00d6zl\u00fc, T\u00fcrksat 6A hakk\u0131nda \u00f6nemli a\u00e7\u0131klamalarda bulundu.","type":"rich","width":600,"height":338,"html":"<blockquote class=\"wp-embedded-content\" data-secret=\"DCLNDwhLVL\"><a href=\"https:\/\/www.harunadal.com\/wp\/ilk-yerli-haberlesme-uydusu-turksat-6a\/\">\u0130lk yerli haberle\u015fme uydusu: T\u00fcrksat 6A<\/a><\/blockquote><iframe sandbox=\"allow-scripts\" security=\"restricted\" src=\"https:\/\/www.harunadal.com\/wp\/ilk-yerli-haberlesme-uydusu-turksat-6a\/embed\/#?secret=DCLNDwhLVL\" width=\"600\" height=\"338\" title=\"&#8220;\u0130lk yerli haberle\u015fme uydusu: T\u00fcrksat 6A&#8221; &#8212; Harun ADAL | Blog\" data-secret=\"DCLNDwhLVL\" frameborder=\"0\" marginwidth=\"0\" marginheight=\"0\" scrolling=\"no\" class=\"wp-embedded-content\"><\/iframe><script type=\"text\/javascript\">\n\/* <![CDATA[ *\/\n\/*! This file is auto-generated *\/\n!function(d,l){\"use strict\";l.querySelector&&d.addEventListener&&\"undefined\"!=typeof URL&&(d.wp=d.wp||{},d.wp.receiveEmbedMessage||(d.wp.receiveEmbedMessage=function(e){var t=e.data;if((t||t.secret||t.message||t.value)&&!\/[^a-zA-Z0-9]\/.test(t.secret)){for(var s,r,n,a=l.querySelectorAll('iframe[data-secret=\"'+t.secret+'\"]'),o=l.querySelectorAll('blockquote[data-secret=\"'+t.secret+'\"]'),c=new RegExp(\"^https?:$\",\"i\"),i=0;i<o.length;i++)o[i].style.display=\"none\";for(i=0;i<a.length;i++)s=a[i],e.source===s.contentWindow&&(s.removeAttribute(\"style\"),\"height\"===t.message?(1e3<(r=parseInt(t.value,10))?r=1e3:~~r<200&&(r=200),s.height=r):\"link\"===t.message&&(r=new URL(s.getAttribute(\"src\")),n=new URL(t.value),c.test(n.protocol))&&n.host===r.host&&l.activeElement===s&&(d.top.location.href=t.value))}},d.addEventListener(\"message\",d.wp.receiveEmbedMessage,!1),l.addEventListener(\"DOMContentLoaded\",function(){for(var e,t,s=l.querySelectorAll(\"iframe.wp-embedded-content\"),r=0;r<s.length;r++)(t=(e=s[r]).getAttribute(\"data-secret\"))||(t=Math.random().toString(36).substring(2,12),e.src+=\"#?secret=\"+t,e.setAttribute(\"data-secret\",t)),e.contentWindow.postMessage({message:\"ready\",secret:t},\"*\")},!1)))}(window,document);\n\/\/# sourceURL=https:\/\/www.harunadal.com\/wp\/wp-includes\/js\/wp-embed.min.js\n\/* ]]> *\/\n<\/script>\n","thumbnail_url":"https:\/\/www.harunadal.com\/wp\/wp-content\/uploads\/2016\/11\/turksat-4a-180914.jpg","thumbnail_width":1500,"thumbnail_height":844,"description":"Uzay teknolojileri, yay\u0131nc\u0131l\u0131k sekt\u00f6r\u00fc, uydu end\u00fcstrisi, mobil ileti\u015fim ve uydu operat\u00f6rleri ile nesnelerin interneti gibi konular\u0131n tart\u0131\u015f\u0131laca\u011f\u0131 etkinlikte konu\u015fan Bilim Teknoloji ve Sanayi Bakan\u0131 Faruk \u00d6zl\u00fc, T\u00fcrksat 6A uydusu ve \u00fclke genelinde yap\u0131lan \u00e7al\u0131\u015fmalar hakk\u0131nda bilgi verdi."}